{"id":59509,"date":"2020-01-17T12:12:05","date_gmt":"2020-01-17T20:12:05","guid":{"rendered":"http:\/\/wp.1045radiolatina.com\/?post_type=tribe_events&amp;p=50066"},"modified":"2020-01-17T12:12:05","modified_gmt":"2020-01-17T20:12:05","slug":"dia-internacional-del-preservativo-13-de-febrero-2","status":"publish","type":"tribe_events","link":"https:\/\/1045radiolatina.com\/wnrl\/event\/dia-internacional-del-preservativo-13-de-febrero-2\/","title":{"rendered":"D\u00eda Internacional del preservativo 13 de Febrero"},"content":{"rendered":"<p>El\u00a0D\u00eda Internacional del Cond\u00f3n\u00a0conmemora la creaci\u00f3n y uso de este elemento como preservativo. Esta celebraci\u00f3n busca incentivar el uso responsable del cond\u00f3n y as\u00ed prevenir enfermedades de<\/p>\n<p>transmisi\u00f3n sexual y evitar embarazos no deseados. El D\u00eda Internacional del Cond\u00f3n fue propuesto y establecido por la AIDS Healthcare Foundation, o Fundaci\u00f3n para el Cuidado del Sida, en el<\/p>\n<p>a\u00f1o 2012. La celebraci\u00f3n es acogida en m\u00e1s de 31 pa\u00edses, la mayor\u00eda ubicados en \u00c1frica. La fecha de su celebraci\u00f3n se seleccion\u00f3 por ubicarse en v\u00edsperas del D\u00eda del Amor y la Amistad o D\u00eda de<\/p>\n<p>San Valent\u00edn. Por lo mismo, este d\u00eda se celebra el 13 de Febrero de cada a\u00f1o.<\/p>\n<p>&nbsp;<\/p>\n<p>Acude este Jueves 13 de Febrero de 10:00 am a 4:00 pm en la feria de salud para conmemorar este d\u00eda, realizarte pruebas de HIV y preservativos gratuitos en el 444 E San Ysidro Blvd, San Ysidro,<\/p>\n<p>Ca. 92173<\/p>\n<p>Radio Latina 104.5 FM en la comunidad te invita!<\/p>\n<p style=\"font-weight: 400;\">\n","protected":false},"excerpt":{"rendered":"<p>El\u00a0D\u00eda Internacional del Cond\u00f3n\u00a0conmemora la creaci\u00f3n y uso de este elemento como preservativo. Esta celebraci\u00f3n busca incentivar el uso responsable del cond\u00f3n y as\u00ed prevenir enfermedades de transmisi\u00f3n sexual y [&hellip;]<\/p>\n","protected":false},"author":2,"featured_media":50067,"template":"","meta":{"tdm_status":"","tdm_grid_status":"","_tribe_events_status":"","_tribe_events_status_reason":"","footnotes":""},"tags":[],"tribe_events_cat":[],"class_list":["post-59509","tribe_events","type-tribe_events","status-publish","has-post-thumbnail"],"_links":{"self":[{"href":"https:\/\/1045radiolatina.com\/wnrl\/wp-json\/wp\/v2\/tribe_events\/59509","targetHints":{"allow":["GET"]}}],"collection":[{"href":"https:\/\/1045radiolatina.com\/wnrl\/wp-json\/wp\/v2\/tribe_events"}],"about":[{"href":"https:\/\/1045radiolatina.com\/wnrl\/wp-json\/wp\/v2\/types\/tribe_events"}],"author":[{"embeddable":true,"href":"https:\/\/1045radiolatina.com\/wnrl\/wp-json\/wp\/v2\/users\/2"}],"version-history":[{"count":0,"href":"https:\/\/1045radiolatina.com\/wnrl\/wp-json\/wp\/v2\/tribe_events\/59509\/revisions"}],"wp:featuredmedia":[{"embeddable":true,"href":"https:\/\/1045radiolatina.com\/wnrl\/wp-json\/wp\/v2\/posts\/50067"}],"wp:attachment":[{"href":"https:\/\/1045radiolatina.com\/wnrl\/wp-json\/wp\/v2\/media?parent=59509"}],"wp:term":[{"taxonomy":"post_tag","embeddable":true,"href":"https:\/\/1045radiolatina.com\/wnrl\/wp-json\/wp\/v2\/tags?post=59509"},{"taxonomy":"tribe_events_cat","embeddable":true,"href":"https:\/\/1045radiolatina.com\/wnrl\/wp-json\/wp\/v2\/tribe_events_cat?post=59509"}],"curies":[{"name":"wp","href":"https:\/\/api.w.org\/{rel}","templated":true}]}}